{"id":808,"date":"2019-06-25T10:11:03","date_gmt":"2019-06-25T10:11:03","guid":{"rendered":"https:\/\/www.revival.es\/?page_id=808"},"modified":"2026-03-17T14:11:34","modified_gmt":"2026-03-17T14:11:34","slug":"servicios-para-superyates","status":"publish","type":"page","link":"https:\/\/www.revival.es\/es\/servicios\/servicios-para-superyates\/","title":{"rendered":"Servicios para Superyates"},"content":{"rendered":"<div class=\"wpb-content-wrapper\"><p>[vc_row css_animation=\u00bb\u00bb row_type=\u00bbrow\u00bb use_row_as_full_screen_section=\u00bbno\u00bb type=\u00bbgrid\u00bb angled_section=\u00bbno\u00bb text_align=\u00bbleft\u00bb background_image_as_pattern=\u00bbwithout_pattern\u00bb z_index=\u00bb\u00bb css=\u00bb.vc_custom_1599743143269{background-color: #fafafa !important;}\u00bb][vc_column][vc_empty_space height=\u00bb40px\u00bb][vc_column_text]<\/p>\n<h4>Con una amplia trayectoria que arranca en 1996, nos hemos convertido en la empresa de referencia en dise\u00f1o de interiores para superyates en Mallorca, y una de las m\u00e1s importantes del mundo. Numerosos buques de prestigio conf\u00edan en nuestro trabajo.<\/h4>\n<p>[\/vc_column_text][vc_empty_space height=\u00bb65px\u00bb][\/vc_column][\/vc_row][vc_row css_animation=\u00bb\u00bb row_type=\u00bbrow\u00bb use_row_as_full_screen_section=\u00bbno\u00bb type=\u00bbgrid\u00bb angled_section=\u00bbno\u00bb text_align=\u00bbleft\u00bb background_image_as_pattern=\u00bbwithout_pattern\u00bb z_index=\u00bb\u00bb css=\u00bb.vc_custom_1555169029150{padding-bottom: 40px !important;background-color: #fafafa !important;}\u00bb][vc_column][vc_row_inner row_type=\u00bbrow\u00bb type=\u00bbfull_width\u00bb text_align=\u00bbleft\u00bb css_animation=\u00bb\u00bb][vc_column_inner width=\u00bb1\/3&#8243;]<div class=\"qode-info-card\">\n\t\t\t<div class=\"qode-info-card-image\" style=\"background-color:#fff\">\n\t\t\t<img decoding=\"async\" src=\"https:\/\/www.revival.es\/wp-content\/uploads\/2019\/04\/revival-superyachts-upholstery.jpg\" alt=\"\" \/>\n\t\t<\/div>\n\t\t<div class=\"qode-info-card-text-holder\" style=\"background-color:#fff\">\n\t\t\t\t\t<h4 class=\"qode-info-card-title\" >\n\t\t\t\tTapicer\u00eda\t\t\t<\/h4>\n\t\t\t\t\t\t\t<p class=\"qode-info-card-text\" >\n\t\t\t\tUsamos los mejores materiales para la tapicer\u00eda de superyates en Mallorca, a la altura de nuestros clientes. Ofrecemos un servicio de calidad para tapicer\u00eda de interiores y exteriores, con acabados elegantes y sofisticados.\t\t\t<\/p>\n\t\t\t<\/div>\n\t<\/div>[vc_empty_space][\/vc_column_inner][vc_column_inner width=\u00bb1\/3&#8243;]<div class=\"qode-info-card\">\n\t\t\t<div class=\"qode-info-card-image\" style=\"background-color:#fff\">\n\t\t\t<img decoding=\"async\" src=\"https:\/\/www.revival.es\/wp-content\/uploads\/2019\/04\/revival-superyachts-covers-and-awnings.jpg\" alt=\"\" \/>\n\t\t<\/div>\n\t\t<div class=\"qode-info-card-text-holder\" style=\"background-color:#fff\">\n\t\t\t\t\t<h4 class=\"qode-info-card-title\" >\n\t\t\t\tFundas y Toldos\t\t\t<\/h4>\n\t\t\t\t\t\t\t<p class=\"qode-info-card-text\" >\n\t\t\t\tFundas, toldos, biminis\u2026 para proteger las embarcaciones de los rayos y el agua salada. Telas de calidad que resisten los diferentes cambios clim\u00e1ticos y de m\u00e1xima durabilidad.\t\t\t<\/p>\n\t\t\t<\/div>\n\t<\/div>[vc_empty_space][\/vc_column_inner][vc_column_inner width=\u00bb1\/3&#8243;]<div class=\"qode-info-card\">\n\t\t\t<div class=\"qode-info-card-image\" style=\"background-color:#fff\">\n\t\t\t<img decoding=\"async\" src=\"https:\/\/www.revival.es\/wp-content\/uploads\/2019\/04\/revival-superyachts-carpets.jpg\" alt=\"\" \/>\n\t\t<\/div>\n\t\t<div class=\"qode-info-card-text-holder\" style=\"background-color:#fff\">\n\t\t\t\t\t<h4 class=\"qode-info-card-title\" >\n\t\t\t\tMoquetas\t\t\t<\/h4>\n\t\t\t\t\t\t\t<p class=\"qode-info-card-text\" >\n\t\t\t\tConfeccionamos alfombras y moquetas para superyates, que ofrecen confort, y calidad a nuestros clientes m\u00e1s exigentes. Dise\u00f1adas expresamente para mantener la vida \u00fatil, seguimos proyectos elegantes y lujosos.\t\t\t<\/p>\n\t\t\t<\/div>\n\t<\/div>[vc_empty_space][\/vc_column_inner][\/vc_row_inner][vc_row_inner row_type=\u00bbrow\u00bb type=\u00bbfull_width\u00bb text_align=\u00bbleft\u00bb css_animation=\u00bb\u00bb css=\u00bb.vc_custom_1555168887344{padding-top: 30px !important;}\u00bb][vc_column_inner width=\u00bb1\/3&#8243;]<div class=\"qode-info-card\">\n\t\t\t<div class=\"qode-info-card-image\" style=\"background-color:#fff\">\n\t\t\t<img decoding=\"async\" src=\"https:\/\/www.revival.es\/wp-content\/uploads\/2019\/04\/revival-superyachts-textile.jpg\" alt=\"\" \/>\n\t\t<\/div>\n\t\t<div class=\"qode-info-card-text-holder\" style=\"background-color:#fff\">\n\t\t\t\t\t<h4 class=\"qode-info-card-title\" >\n\t\t\t\tDecoraci\u00f3n Textil\t\t\t<\/h4>\n\t\t\t\t\t\t\t<p class=\"qode-info-card-text\" >\n\t\t\t\tSomos especialistas en decoraci\u00f3n textil de lujo y alta calidad. Realizamos textiles a medida y con diferentes estilos, texturas y telas, convirtiendo en especial cada estancia y creando ambientes armoniosos y equilibrados en altamar.\t\t\t<\/p>\n\t\t\t<\/div>\n\t<\/div>[vc_empty_space][\/vc_column_inner][vc_column_inner width=\u00bb1\/3&#8243;]<div class=\"qode-info-card\">\n\t\t\t<div class=\"qode-info-card-image\" style=\"background-color:#fff\">\n\t\t\t<img decoding=\"async\" src=\"https:\/\/www.revival.es\/wp-content\/uploads\/2019\/04\/revival-superyachts-design.jpg\" alt=\"\" \/>\n\t\t<\/div>\n\t\t<div class=\"qode-info-card-text-holder\" style=\"background-color:#fff\">\n\t\t\t\t\t<h4 class=\"qode-info-card-title\" >\n\t\t\t\tDise\u00f1o\t\t\t<\/h4>\n\t\t\t\t\t\t\t<p class=\"qode-info-card-text\" >\n\t\t\t\tRealizamos dise\u00f1os a medida de interior o exterior para superyates. Cuidamos hasta el m\u00e1s m\u00ednimo detalle en decoraci\u00f3n, coordinaci\u00f3n de color\u2026 con el objetivo de ofrecer a nuestros clientes la mejor gesti\u00f3n del proyecto del dise\u00f1o de la embarcaci\u00f3n.\t\t\t<\/p>\n\t\t\t<\/div>\n\t<\/div>[vc_empty_space][\/vc_column_inner][\/vc_row_inner][\/vc_column][\/vc_row]<\/p>\n<\/div>","protected":false},"excerpt":{"rendered":"<p>[vc_row css_animation=\u00bb\u00bb row_type=\u00bbrow\u00bb use_row_as_full_screen_section=\u00bbno\u00bb type=\u00bbgrid\u00bb angled_section=\u00bbno\u00bb text_align=\u00bbleft\u00bb background_image_as_pattern=\u00bbwithout_pattern\u00bb z_index=\u00bb\u00bb css=\u00bb.vc_custom_1599743143269{background-color: #fafafa !important;}\u00bb][vc_column][vc_empty_space height=\u00bb40px\u00bb][vc_column_text] Con una amplia trayectoria que arranca en 1996, nos hemos convertido en la empresa de referencia en dise\u00f1o de interiores para superyates en Mallorca, y una de las m\u00e1s importantes del mundo. Numerosos buques de prestigio conf\u00edan en nuestro trabajo. [\/vc_column_text][vc_empty_space height=\u00bb65px\u00bb][\/vc_column][\/vc_row][vc_row css_animation=\u00bb\u00bb row_type=\u00bbrow\u00bb use_row_as_full_screen_section=\u00bbno\u00bb type=\u00bbgrid\u00bb angled_section=\u00bbno\u00bb text_align=\u00bbleft\u00bb background_image_as_pattern=\u00bbwithout_pattern\u00bb z_index=\u00bb\u00bb css=\u00bb.vc_custom_1555169029150{padding-bottom: 40px !important;background-color: #fafafa !important;}\u00bb][vc_column][vc_row_inner row_type=\u00bbrow\u00bb type=\u00bbfull_width\u00bb text_align=\u00bbleft\u00bb css_animation=\u00bb\u00bb][vc_column_inner width=\u00bb1\/3&#8243;][vc_empty_space][\/vc_column_inner][vc_column_inner width=\u00bb1\/3&#8243;][vc_empty_space][\/vc_column_inner][vc_column_inner width=\u00bb1\/3&#8243;][vc_empty_space][\/vc_column_inner][\/vc_row_inner][vc_row_inner row_type=\u00bbrow\u00bb type=\u00bbfull_width\u00bb text_align=\u00bbleft\u00bb css_animation=\u00bb\u00bb css=\u00bb.vc_custom_1555168887344{padding-top: 30px !important;}\u00bb][vc_column_inner width=\u00bb1\/3&#8243;][vc_empty_space][\/vc_column_inner][vc_column_inner width=\u00bb1\/3&#8243;][vc_empty_space][\/vc_column_inner][\/vc_row_inner][\/vc_column][\/vc_row]<\/p>\n","protected":false},"author":1,"featured_media":0,"parent":779,"menu_order":21,"comment_status":"closed","ping_status":"closed","template":"full_width.php","meta":{"_joinchat":[],"footnotes":""},"yst_prominent_words":[320,319],"class_list":["post-808","page","type-page","status-publish","hentry"],"_links":{"self":[{"href":"https:\/\/www.revival.es\/es\/wp-json\/wp\/v2\/pages\/808","targetHints":{"allow":["GET"]}}],"collection":[{"href":"https:\/\/www.revival.es\/es\/wp-json\/wp\/v2\/pages"}],"about":[{"href":"https:\/\/www.revival.es\/es\/wp-json\/wp\/v2\/types\/page"}],"author":[{"embeddable":true,"href":"https:\/\/www.revival.es\/es\/wp-json\/wp\/v2\/users\/1"}],"replies":[{"embeddable":true,"href":"https:\/\/www.revival.es\/es\/wp-json\/wp\/v2\/comments?post=808"}],"version-history":[{"count":4,"href":"https:\/\/www.revival.es\/es\/wp-json\/wp\/v2\/pages\/808\/revisions"}],"predecessor-version":[{"id":2417,"href":"https:\/\/www.revival.es\/es\/wp-json\/wp\/v2\/pages\/808\/revisions\/2417"}],"up":[{"embeddable":true,"href":"https:\/\/www.revival.es\/es\/wp-json\/wp\/v2\/pages\/779"}],"wp:attachment":[{"href":"https:\/\/www.revival.es\/es\/wp-json\/wp\/v2\/media?parent=808"}],"wp:term":[{"taxonomy":"yst_prominent_words","embeddable":true,"href":"https:\/\/www.revival.es\/es\/wp-json\/wp\/v2\/yst_prominent_words?post=808"}],"curies":[{"name":"wp","href":"https:\/\/api.w.org\/{rel}","templated":true}]}}